{"id":7202,"date":"2025-08-31T08:22:55","date_gmt":"2025-08-31T06:22:55","guid":{"rendered":"https:\/\/www.irreel.ch\/blog\/?post_type=tribe_events&#038;p=7202"},"modified":"2025-08-31T08:22:56","modified_gmt":"2025-08-31T06:22:56","slug":"quatuor-de-guitares-tastiera-du-piano-a-la-guitare","status":"publish","type":"tribe_events","link":"https:\/\/www.irreel.ch\/blog\/event\/quatuor-de-guitares-tastiera-du-piano-a-la-guitare\/","title":{"rendered":"Quatuor de guitares Tastiera \u00ab\u00a0Du Piano \u00e0 la Guitare\u00a0\u00bb"},"content":{"rendered":"<div  class=\"tribe-events-schedule tribe-clearfix\" >\n\t<p class=\"tribe-events-schedule__datetime\">\n\t\t<span class=\"tribe-events-schedule__date tribe-events-schedule__date--start\">\n\t\t\t14 septembre 2025\t\t<\/span>\n\n\t\t\t\t\t<span class=\"tribe-events-schedule__separator tribe-events-schedule__separator--date\">\n\t\t\t\t @ \t\t\t<\/span>\n\t\t\t<span class=\"tribe-events-schedule__time tribe-events-schedule__time--start\">\n\t\t\t\t17:00\t\t\t<\/span>\n\t\t\n\t\t\t<\/p>\n<\/div>\n\n\n\n<p>Concert<\/p>\n\n\n\n<p><strong>Dimanche 14 septembre \u00e0 17 h<\/strong><\/p>\n\n\n\n<figure class=\"wp-block-image size-large\"><img loading=\"lazy\" decoding=\"async\" width=\"1024\" height=\"497\" src=\"https:\/\/www.irreel.ch\/blog\/wp-content\/uploads\/quatuor-tastiera-copie-1024x497.jpg\" alt=\"\" class=\"wp-image-7203\" srcset=\"https:\/\/www.irreel.ch\/blog\/wp-content\/uploads\/quatuor-tastiera-copie-1024x497.jpg 1024w, https:\/\/www.irreel.ch\/blog\/wp-content\/uploads\/quatuor-tastiera-copie-300x146.jpg 300w, https:\/\/www.irreel.ch\/blog\/wp-content\/uploads\/quatuor-tastiera-copie-150x73.jpg 150w, https:\/\/www.irreel.ch\/blog\/wp-content\/uploads\/quatuor-tastiera-copie-768x372.jpg 768w, https:\/\/www.irreel.ch\/blog\/wp-content\/uploads\/quatuor-tastiera-copie.jpg 1200w\" sizes=\"auto, (max-width: 1024px) 100vw, 1024px\" \/><\/figure>\n\n\n\n<p>Lieu: Abbaye de Montheron (route de l\u2019Abbaye 3, 1053 Montheron (Lausanne, pr\u00e8s de Cugy).<\/p>\n\n\n\n<p>Quatuor de guitares Tastiera \u00ab&nbsp;Du Piano \u00e0 la Guitare&nbsp;\u00bb<\/p>\n\n\n\n<p>Guillaume Geny, guitare, C\u00e9cile L\u00ea Duy, guitare, Agn\u00e8s Condamin, guitare, Nicolas Campos, guitare Basse et Daniel Thomas au clavecin, piano ou orgue en \u00e9cho. Quatuor Tastiera, un groupe avec trois guitares et une guitare basse (octave inf\u00e9rieure). Cette derni\u00e8re ajoute une richesse sonore suppl\u00e9mentaire avec sa sonorit\u00e9 chaleureuse, \u00e9largit la tessiture du quatuor et dynamise le dialogue musical. Ouverture du Barbier de Seville &#8211; G.Rossini. Concerto BWV 1056 &#8211; J-S.Bach. Le Roi des Aulnes &#8211; F.Schubert. Danzas gitanas &#8211; J.Turina. Danse macabre, Bacchanale &#8211; C.Saint-Sa\u00ebns<\/p>\n\n\n\n<p>Entr\u00e9e libre, collecte (prix conseill\u00e9 : 30.- plein, 20.- r\u00e9ductions). R\u00e9servations recommand\u00e9es : \u00e0 <a href=\"mailto:dt@carillonneur.ch\">dt@carillonneur.ch<\/a> ou 079 391 46 96.<\/p>\n\n\n<div  class=\"tribe-block tribe-block__event-price\" >\n\t\t<\/div>\n\n\n\n\n<div  class=\"tribe-block tribe-block__venue tribe-clearfix\" >\n\t\n\t\t\n\t<\/div>\n\n\n\n\n\t<div  class=\"tribe-block tribe-block__events-link\" >\n\t\t<div class=\"tribe-events tribe-common\">\n\t\t\t<div class=\"tribe-events-c-subscribe-dropdown__container\">\n\t\t\t\t<div class=\"tribe-events-c-subscribe-dropdown\">\n\t\t\t\t\t<div class=\"tribe-common-c-btn-border tribe-events-c-subscribe-dropdown__button\">\n\t\t\t\t\t\t<svg\n\t class=\"tribe-common-c-svgicon tribe-common-c-svgicon--cal-export tribe-events-c-subscribe-dropdown__export-icon\" \taria-hidden=\"true\"\n\tviewBox=\"0 0 23 17\"\n\txmlns=\"http:\/\/www.w3.org\/2000\/svg\"\n>\n\t<path fill-rule=\"evenodd\" clip-rule=\"evenodd\" d=\"M.128.896V16.13c0 .211.145.383.323.383h15.354c.179 0 .323-.172.323-.383V.896c0-.212-.144-.383-.323-.383H.451C.273.513.128.684.128.896Zm16 6.742h-.901V4.679H1.009v10.729h14.218v-3.336h.901V7.638ZM1.01 1.614h14.218v2.058H1.009V1.614Z\" \/>\n\t<path d=\"M20.5 9.846H8.312M18.524 6.953l2.89 2.909-2.855 2.855\" stroke-width=\"1.2\" stroke-linecap=\"round\" stroke-linejoin=\"round\"\/>\n<\/svg>\n\t\t\t\t\t\t<button\n\t\t\t\t\t\t\tclass=\"tribe-events-c-subscribe-dropdown__button-text\"\n\t\t\t\t\t\t\taria-expanded=\"false\"\n\t\t\t\t\t\t\taria-controls=\"tribe-events-subscribe-dropdown-content\"\n\t\t\t\t\t\t\taria-label=\"Afficher les liens permettant d\u2019ajouter des \u00e9v\u00e8nements \u00e0 votre calendrier\"\n\t\t\t\t\t\t>\n\t\t\t\t\t\t\tAjouter au calendrier\t\t\t\t\t\t<\/button>\n\t\t\t\t\t\t<svg\n\t class=\"tribe-common-c-svgicon tribe-common-c-svgicon--caret-down tribe-events-c-subscribe-dropdown__button-icon\" \taria-hidden=\"true\"\n\tviewBox=\"0 0 10 7\"\n\txmlns=\"http:\/\/www.w3.org\/2000\/svg\"\n>\n\t<path fill-rule=\"evenodd\" clip-rule=\"evenodd\" d=\"M1.008.609L5 4.6 8.992.61l.958.958L5 6.517.05 1.566l.958-.958z\" class=\"tribe-common-c-svgicon__svg-fill\"\/>\n<\/svg>\n\t\t\t\t\t<\/div>\n\t\t\t\t\t<div id=\"tribe-events-subscribe-dropdown-content\" class=\"tribe-events-c-subscribe-dropdown__content\">\n\t\t\t\t\t\t<ul class=\"tribe-events-c-subscribe-dropdown__list\">\n\t\t\t\t\t\t\t\t\t\t\t\t\t\t\t<li class=\"tribe-events-c-subscribe-dropdown__list-item tribe-events-c-subscribe-dropdown__list-item--gcal\">\n\t\t\t\t\t\t\t\t\t<a\n\t\t\t\t\t\t\t\t\t\thref=\"https:\/\/www.google.com\/calendar\/event?action=TEMPLATE&#038;dates=20250914T170000\/20250914T170000&#038;text=Quatuor%20de%20guitares%20Tastiera%20%C2%AB%C2%A0Du%20Piano%20%C3%A0%20la%20Guitare%C2%A0%C2%BB&#038;details=%3Cp%3EConcert%3C%2Fp%3E+%3Cp%3E%3Cstrong%3EDimanche+14+septembre+%C3%A0+17+h%3C%2Fstrong%3E%3C%2Fp%3E+%3Cfigure+class%3D%22wp-block-image+size-large%22%3E%3Cimg+src%3D%22https%3A%2F%2Fwww.irreel.ch%2Fblog%2Fwp-content%2Fuploads%2Fquatuor-tastiera-copie-1024x497.jpg%22+alt%3D%22%22+class%3D%22wp-image-7203%22%2F%3E%3C%2Ffigure%3E%3Cp%3ELieu%3A+Abbaye+de+Montheron+%28route+de+l%E2%80%99Abbaye+3%2C+1053+Montheron+%28Lausanne%2C+pr%C3%A8s+de+Cugy%29.%3C%2Fp%3E+%3Cp%3EQuatuor+de+guitares+Tastiera+%C2%AB%26nbsp%3BDu+Piano+%C3%A0+la+Guitare%26nbsp%3B%C2%BB%3C%2Fp%3E+%3Cp%3EGuillaume+Geny%2C+guitare%2C+C%C3%A9cile+L%C3%AA+Duy%2C+guitare%2C+Agn%C3%A8s+Condamin%2C+guitare%2C+Nicolas+Campos%2C+guitare+Basse+et+Daniel+Thomas+au+clavecin%2C+piano+ou+orgue+en+%C3%A9cho.+Quatuor+Tastiera%2C+un+groupe+avec+trois+guitares+et+une+guitare+basse+%28octave+inf%C3%A9rieure%29.+Cette+derni%C3%A8re+ajoute+une+richesse+sonore+suppl%C3%A9mentaire+avec+sa+sonorit%C3%A9+chaleureuse%2C+%C3%A9largit+la+tessiture+du+quatuor+et+dynamise+le+dialogue+musical.+Ouverture+du+Barbier+de+Seville+-+G.Rossini.+Concerto+BWV+1056+-+J-S.Bach.+Le+Roi+des+Aulnes+-+F.Schubert.+Danzas+gitanas+-+J.Turina.+Danse+maca%3C%2Fp%3E%28Voir+toute+la+description+de+%C3%A9v%C3%A8nement+ici%C2%A0%3A+https%3A%2F%2Fwww.irreel.ch%2Fblog%2Fevent%2Fquatuor-de-guitares-tastiera-du-piano-a-la-guitare%2F%29&#038;trp=false&#038;ctz=Europe\/Zurich&#038;sprop=website:https:\/\/www.irreel.ch\/blog\"\n\t\t\t\t\t\t\t\t\t\tclass=\"tribe-events-c-subscribe-dropdown__list-item-link\"\n\t\t\t\t\t\t\t\t\t\ttarget=\"_blank\"\n\t\t\t\t\t\t\t\t\t\trel=\"noopener noreferrer nofollow noindex\"\n\t\t\t\t\t\t\t\t\t>\n\t\t\t\t\t\t\t\t\t\tGoogle Agenda\t\t\t\t\t\t\t\t\t<\/a>\n\t\t\t\t\t\t\t\t<\/li>\n\t\t\t\t\t\t\t\t\t\t\t\t\t\t\t<li class=\"tribe-events-c-subscribe-dropdown__list-item tribe-events-c-subscribe-dropdown__list-item--ical\">\n\t\t\t\t\t\t\t\t\t<a\n\t\t\t\t\t\t\t\t\t\thref=\"\"\n\t\t\t\t\t\t\t\t\t\tclass=\"tribe-events-c-subscribe-dropdown__list-item-link\"\n\t\t\t\t\t\t\t\t\t\ttarget=\"_blank\"\n\t\t\t\t\t\t\t\t\t\trel=\"noopener noreferrer nofollow noindex\"\n\t\t\t\t\t\t\t\t\t>\n\t\t\t\t\t\t\t\t\t\tiCalendar\t\t\t\t\t\t\t\t\t<\/a>\n\t\t\t\t\t\t\t\t<\/li>\n\t\t\t\t\t\t\t\t\t\t\t\t\t\t\t<li class=\"tribe-events-c-subscribe-dropdown__list-item tribe-events-c-subscribe-dropdown__list-item--outlook-365\">\n\t\t\t\t\t\t\t\t\t<a\n\t\t\t\t\t\t\t\t\t\thref=\"\"\n\t\t\t\t\t\t\t\t\t\tclass=\"tribe-events-c-subscribe-dropdown__list-item-link\"\n\t\t\t\t\t\t\t\t\t\ttarget=\"_blank\"\n\t\t\t\t\t\t\t\t\t\trel=\"noopener noreferrer nofollow noindex\"\n\t\t\t\t\t\t\t\t\t>\n\t\t\t\t\t\t\t\t\t\tOutlook 365\t\t\t\t\t\t\t\t\t<\/a>\n\t\t\t\t\t\t\t\t<\/li>\n\t\t\t\t\t\t\t\t\t\t\t\t\t\t\t<li class=\"tribe-events-c-subscribe-dropdown__list-item tribe-events-c-subscribe-dropdown__list-item--outlook-live\">\n\t\t\t\t\t\t\t\t\t<a\n\t\t\t\t\t\t\t\t\t\thref=\"\"\n\t\t\t\t\t\t\t\t\t\tclass=\"tribe-events-c-subscribe-dropdown__list-item-link\"\n\t\t\t\t\t\t\t\t\t\ttarget=\"_blank\"\n\t\t\t\t\t\t\t\t\t\trel=\"noopener noreferrer nofollow noindex\"\n\t\t\t\t\t\t\t\t\t>\n\t\t\t\t\t\t\t\t\t\tOutlook Live\t\t\t\t\t\t\t\t\t<\/a>\n\t\t\t\t\t\t\t\t<\/li>\n\t\t\t\t\t\t\t\t\t\t\t\t\t<\/ul>\n\t\t\t\t\t<\/div>\n\t\t\t\t<\/div>\n\t\t\t<\/div>\n\t\t<\/div>\n\t<\/div>\n\n","protected":false},"excerpt":{"rendered":"<p>Concert Dimanche 14 septembre \u00e0 17 h Lieu: Abbaye de Montheron (route de l\u2019Abbaye 3, 1053 Montheron (Lausanne, pr\u00e8s de Cugy). Quatuor de guitares Tastiera \u00ab&nbsp;Du Piano \u00e0 la Guitare&nbsp;\u00bb Guillaume Geny, guitare, C\u00e9cile&#46;&#46;&#46;<\/p>\n","protected":false},"author":191,"featured_media":7203,"comment_status":"open","ping_status":"closed","template":"","meta":{"sfsi_plus_gutenberg_text_before_share":"","sfsi_plus_gutenberg_show_text_before_share":"","sfsi_plus_gutenberg_icon_type":"","sfsi_plus_gutenberg_icon_alignemt":"","sfsi_plus_gutenburg_max_per_row":"","_EventAllDay":false,"_EventTimezone":"Europe\/Zurich","_EventStartDate":"2025-09-14 17:00:00","_EventEndDate":"2025-09-14 17:00:00","_EventStartDateUTC":"2025-09-14 15:00:00","_EventEndDateUTC":"2025-09-14 15:00:00","_EventShowMap":false,"_EventShowMapLink":false,"_EventURL":"","_EventCost":"","_EventCostDescription":"","_EventCurrencySymbol":"$","_EventCurrencyCode":"USD","_EventCurrencyPosition":"prefix","_EventDateTimeSeparator":" @ ","_EventTimeRangeSeparator":" - ","_EventOrganizerID":[],"_EventVenueID":[],"_OrganizerEmail":"","_OrganizerPhone":"","_OrganizerWebsite":"","_VenueAddress":"","_VenueCity":"","_VenueCountry":"","_VenueProvince":"","_VenueState":"","_VenueZip":"","_VenuePhone":"","_VenueURL":"","_VenueStateProvince":"","_VenueLat":"","_VenueLng":"","_VenueShowMap":false,"_VenueShowMapLink":false,"_tribe_events_status":"","_tribe_events_status_reason":"","footnotes":""},"tags":[526],"tribe_events_cat":[687],"class_list":["post-7202","tribe_events","type-tribe_events","status-publish","has-post-thumbnail","hentry","tag-guitare","tribe_events_cat-concert","cat_concert"],"_links":{"self":[{"href":"https:\/\/www.irreel.ch\/blog\/wp-json\/wp\/v2\/tribe_events\/7202","targetHints":{"allow":["GET"]}}],"collection":[{"href":"https:\/\/www.irreel.ch\/blog\/wp-json\/wp\/v2\/tribe_events"}],"about":[{"href":"https:\/\/www.irreel.ch\/blog\/wp-json\/wp\/v2\/types\/tribe_events"}],"author":[{"embeddable":true,"href":"https:\/\/www.irreel.ch\/blog\/wp-json\/wp\/v2\/users\/191"}],"replies":[{"embeddable":true,"href":"https:\/\/www.irreel.ch\/blog\/wp-json\/wp\/v2\/comments?post=7202"}],"version-history":[{"count":1,"href":"https:\/\/www.irreel.ch\/blog\/wp-json\/wp\/v2\/tribe_events\/7202\/revisions"}],"predecessor-version":[{"id":7204,"href":"https:\/\/www.irreel.ch\/blog\/wp-json\/wp\/v2\/tribe_events\/7202\/revisions\/7204"}],"wp:featuredmedia":[{"embeddable":true,"href":"https:\/\/www.irreel.ch\/blog\/wp-json\/wp\/v2\/media\/7203"}],"wp:attachment":[{"href":"https:\/\/www.irreel.ch\/blog\/wp-json\/wp\/v2\/media?parent=7202"}],"wp:term":[{"taxonomy":"post_tag","embeddable":true,"href":"https:\/\/www.irreel.ch\/blog\/wp-json\/wp\/v2\/tags?post=7202"},{"taxonomy":"tribe_events_cat","embeddable":true,"href":"https:\/\/www.irreel.ch\/blog\/wp-json\/wp\/v2\/tribe_events_cat?post=7202"}],"curies":[{"name":"wp","href":"https:\/\/api.w.org\/{rel}","templated":true}]}}