{"id":7193,"date":"2025-08-29T08:41:37","date_gmt":"2025-08-29T06:41:37","guid":{"rendered":"https:\/\/www.irreel.ch\/blog\/?post_type=tribe_events&#038;p=7193"},"modified":"2025-08-31T20:50:41","modified_gmt":"2025-08-31T18:50:41","slug":"bretonnieres-visite-eglise-romane-et-village-et-moulin-traditionnel","status":"publish","type":"tribe_events","link":"https:\/\/www.irreel.ch\/blog\/event\/bretonnieres-visite-eglise-romane-et-village-et-moulin-traditionnel\/","title":{"rendered":"Bretonni\u00e8res, visite, \u00e9glise romane et village et moulin traditionnel"},"content":{"rendered":"<div  class=\"tribe-events-schedule tribe-clearfix\" >\n\t<p class=\"tribe-events-schedule__datetime\">\n\t\t<span class=\"tribe-events-schedule__date tribe-events-schedule__date--start\">\n\t\t\t1 octobre 2025\t\t<\/span>\n\n\t\t\t\t\t<span class=\"tribe-events-schedule__separator tribe-events-schedule__separator--date\">\n\t\t\t\t @ \t\t\t<\/span>\n\t\t\t<span class=\"tribe-events-schedule__time tribe-events-schedule__time--start\">\n\t\t\t\t17:35\t\t\t<\/span>\n\t\t\n\t\t\t\t\t\t\t\t\t<span class=\"tribe-events-schedule__separator tribe-events-schedule__separator--time\">\n\t\t\t\t\t &#8211; \t\t\t\t<\/span>\n\t\t\t\n\t\t\t\t\t\t\t<span class=\"tribe-events-schedule__time tribe-events-schedule__time--end\">\n\t\t\t\t\t19:50\t\t\t\t<\/span>\n\t\t\t\n\t\t\t\t\t\t<\/p>\n<\/div>\n\n\n\n<figure class=\"wp-block-image size-large\"><img loading=\"lazy\" decoding=\"async\" width=\"1024\" height=\"1024\" src=\"https:\/\/www.irreel.ch\/blog\/wp-content\/uploads\/Collage-bretonnieres-visite1-copie-copie-1024x1024.jpeg\" alt=\"\" class=\"wp-image-7194\" srcset=\"https:\/\/www.irreel.ch\/blog\/wp-content\/uploads\/Collage-bretonnieres-visite1-copie-copie-1024x1024.jpeg 1024w, https:\/\/www.irreel.ch\/blog\/wp-content\/uploads\/Collage-bretonnieres-visite1-copie-copie-300x300.jpeg 300w, https:\/\/www.irreel.ch\/blog\/wp-content\/uploads\/Collage-bretonnieres-visite1-copie-copie-150x150.jpeg 150w, https:\/\/www.irreel.ch\/blog\/wp-content\/uploads\/Collage-bretonnieres-visite1-copie-copie-768x768.jpeg 768w, https:\/\/www.irreel.ch\/blog\/wp-content\/uploads\/Collage-bretonnieres-visite1-copie-copie-80x80.jpeg 80w, https:\/\/www.irreel.ch\/blog\/wp-content\/uploads\/Collage-bretonnieres-visite1-copie-copie-320x320.jpeg 320w, https:\/\/www.irreel.ch\/blog\/wp-content\/uploads\/Collage-bretonnieres-visite1-copie-copie.jpeg 1500w\" sizes=\"auto, (max-width: 1024px) 100vw, 1024px\" \/><\/figure>\n\n\n\n<p><strong>Bretonni\u00e8res, \u00e9glise romane<\/strong>, moulin traditionnel, village de serfs du Prieur\u00e9 de Romainm\u00f4tier, visite. L\u2019\u00e9glise de Bretonni\u00e8res, romane du XIe s. et gothique par ses transformations et l\u2019un des premiers \u00e9difices religieux construits en pierre dans le Pays de Vaud. Petit concert sur les orgues. Visite sur r\u00e9servation, par Daniel Thomas.&nbsp; <a href=\"https:\/\/www.carillons.ch\/blog\/bretonnieres-eglise-romane-moulin-traditionnel-village-de-serfs-du-prieure-de-romainmotier-visite\/\">https:\/\/www.carillons.ch\/blog\/bretonnieres-eglise-romane-moulin-traditionnel-village-de-serfs-du-prieure-de-romainmotier-visite\/<\/a><\/p>\n\n\n<div  class=\"tribe-block tribe-block__event-price\" >\n\t\t\t<span class=\"tribe-block__event-price__cost\"> $35 <\/span>\n\t\t\t\t<span class=\"tribe-block__event-price__description\">CHF<\/span>\n\t<\/div>\n\n\n\n\n<div  class=\"tribe-block tribe-block__venue tribe-clearfix\" >\n\t\n\t\t\n\t<\/div>\n\n\n\n\n\t<div  class=\"tribe-block tribe-block__events-link\" >\n\t\t<div class=\"tribe-events tribe-common\">\n\t\t\t<div class=\"tribe-events-c-subscribe-dropdown__container\">\n\t\t\t\t<div class=\"tribe-events-c-subscribe-dropdown\">\n\t\t\t\t\t<div class=\"tribe-common-c-btn-border tribe-events-c-subscribe-dropdown__button\">\n\t\t\t\t\t\t<svg\n\t class=\"tribe-common-c-svgicon tribe-common-c-svgicon--cal-export tribe-events-c-subscribe-dropdown__export-icon\" \taria-hidden=\"true\"\n\tviewBox=\"0 0 23 17\"\n\txmlns=\"http:\/\/www.w3.org\/2000\/svg\"\n>\n\t<path fill-rule=\"evenodd\" clip-rule=\"evenodd\" d=\"M.128.896V16.13c0 .211.145.383.323.383h15.354c.179 0 .323-.172.323-.383V.896c0-.212-.144-.383-.323-.383H.451C.273.513.128.684.128.896Zm16 6.742h-.901V4.679H1.009v10.729h14.218v-3.336h.901V7.638ZM1.01 1.614h14.218v2.058H1.009V1.614Z\" \/>\n\t<path d=\"M20.5 9.846H8.312M18.524 6.953l2.89 2.909-2.855 2.855\" stroke-width=\"1.2\" stroke-linecap=\"round\" stroke-linejoin=\"round\"\/>\n<\/svg>\n\t\t\t\t\t\t<button\n\t\t\t\t\t\t\tclass=\"tribe-events-c-subscribe-dropdown__button-text\"\n\t\t\t\t\t\t\taria-expanded=\"false\"\n\t\t\t\t\t\t\taria-controls=\"tribe-events-subscribe-dropdown-content\"\n\t\t\t\t\t\t\taria-label=\"Afficher les liens permettant d\u2019ajouter des \u00e9v\u00e8nements \u00e0 votre calendrier\"\n\t\t\t\t\t\t>\n\t\t\t\t\t\t\tAjouter au calendrier\t\t\t\t\t\t<\/button>\n\t\t\t\t\t\t<svg\n\t class=\"tribe-common-c-svgicon tribe-common-c-svgicon--caret-down tribe-events-c-subscribe-dropdown__button-icon\" \taria-hidden=\"true\"\n\tviewBox=\"0 0 10 7\"\n\txmlns=\"http:\/\/www.w3.org\/2000\/svg\"\n>\n\t<path fill-rule=\"evenodd\" clip-rule=\"evenodd\" d=\"M1.008.609L5 4.6 8.992.61l.958.958L5 6.517.05 1.566l.958-.958z\" class=\"tribe-common-c-svgicon__svg-fill\"\/>\n<\/svg>\n\t\t\t\t\t<\/div>\n\t\t\t\t\t<div id=\"tribe-events-subscribe-dropdown-content\" class=\"tribe-events-c-subscribe-dropdown__content\">\n\t\t\t\t\t\t<ul class=\"tribe-events-c-subscribe-dropdown__list\">\n\t\t\t\t\t\t\t\t\t\t\t\t\t\t\t<li class=\"tribe-events-c-subscribe-dropdown__list-item tribe-events-c-subscribe-dropdown__list-item--gcal\">\n\t\t\t\t\t\t\t\t\t<a\n\t\t\t\t\t\t\t\t\t\thref=\"https:\/\/www.google.com\/calendar\/event?action=TEMPLATE&#038;dates=20251001T173500\/20251001T195000&#038;text=Bretonni%C3%A8res%2C%20visite%2C%20%C3%A9glise%20romane%20et%20village%20et%20moulin%20traditionnel&#038;details=%3Cfigure+class%3D%22wp-block-image+size-large%22%3E%3Cimg+src%3D%22https%3A%2F%2Fwww.irreel.ch%2Fblog%2Fwp-content%2Fuploads%2FCollage-bretonnieres-visite1-copie-copie-1024x1024.jpeg%22+alt%3D%22%22+class%3D%22wp-image-7194%22%2F%3E%3C%2Ffigure%3E%3Cp%3E%3Cstrong%3EBretonni%C3%A8res%2C+%C3%A9glise+romane%3C%2Fstrong%3E%2C+moulin+traditionnel%2C+village+de+serfs+du+Prieur%C3%A9+de+Romainm%C3%B4tier%2C+visite.+L%E2%80%99%C3%A9glise+de+Bretonni%C3%A8res%2C+romane+du+XIe+s.+et+gothique+par+ses+transformations+et+l%E2%80%99un+des+premiers+%C3%A9difices+religieux+construits+en+pierre+dans+le+Pays+de+Vaud.+Petit+concert+sur+les+orgues.+Visite+sur+r%C3%A9servation%2C+par+Daniel+Thomas.%26nbsp%3B+%3Ca+href%3D%22https%3A%2F%2Fwww.carillons.ch%2Fblog%2Fbretonnieres-eglise-romane-moulin-traditionnel-village-de-serfs-du-prieure-de-romainmotier-visite%2F%22%3Ehttps%3A%2F%2Fwww.carillons.ch%2Fblog%2Fbretonnieres-eglise-romane-moulin-traditionnel-village-de-serfs-du-prieure-de-romainmotier-visite%2F%3C%2Fa%3E%3C%2Fp%3E+&#038;trp=false&#038;ctz=Europe\/Zurich&#038;sprop=website:https:\/\/www.irreel.ch\/blog\"\n\t\t\t\t\t\t\t\t\t\tclass=\"tribe-events-c-subscribe-dropdown__list-item-link\"\n\t\t\t\t\t\t\t\t\t\ttarget=\"_blank\"\n\t\t\t\t\t\t\t\t\t\trel=\"noopener noreferrer nofollow noindex\"\n\t\t\t\t\t\t\t\t\t>\n\t\t\t\t\t\t\t\t\t\tGoogle Agenda\t\t\t\t\t\t\t\t\t<\/a>\n\t\t\t\t\t\t\t\t<\/li>\n\t\t\t\t\t\t\t\t\t\t\t\t\t\t\t<li class=\"tribe-events-c-subscribe-dropdown__list-item tribe-events-c-subscribe-dropdown__list-item--ical\">\n\t\t\t\t\t\t\t\t\t<a\n\t\t\t\t\t\t\t\t\t\thref=\"\"\n\t\t\t\t\t\t\t\t\t\tclass=\"tribe-events-c-subscribe-dropdown__list-item-link\"\n\t\t\t\t\t\t\t\t\t\ttarget=\"_blank\"\n\t\t\t\t\t\t\t\t\t\trel=\"noopener noreferrer nofollow noindex\"\n\t\t\t\t\t\t\t\t\t>\n\t\t\t\t\t\t\t\t\t\tiCalendar\t\t\t\t\t\t\t\t\t<\/a>\n\t\t\t\t\t\t\t\t<\/li>\n\t\t\t\t\t\t\t\t\t\t\t\t\t\t\t<li class=\"tribe-events-c-subscribe-dropdown__list-item tribe-events-c-subscribe-dropdown__list-item--outlook-365\">\n\t\t\t\t\t\t\t\t\t<a\n\t\t\t\t\t\t\t\t\t\thref=\"\"\n\t\t\t\t\t\t\t\t\t\tclass=\"tribe-events-c-subscribe-dropdown__list-item-link\"\n\t\t\t\t\t\t\t\t\t\ttarget=\"_blank\"\n\t\t\t\t\t\t\t\t\t\trel=\"noopener noreferrer nofollow noindex\"\n\t\t\t\t\t\t\t\t\t>\n\t\t\t\t\t\t\t\t\t\tOutlook 365\t\t\t\t\t\t\t\t\t<\/a>\n\t\t\t\t\t\t\t\t<\/li>\n\t\t\t\t\t\t\t\t\t\t\t\t\t\t\t<li class=\"tribe-events-c-subscribe-dropdown__list-item tribe-events-c-subscribe-dropdown__list-item--outlook-live\">\n\t\t\t\t\t\t\t\t\t<a\n\t\t\t\t\t\t\t\t\t\thref=\"\"\n\t\t\t\t\t\t\t\t\t\tclass=\"tribe-events-c-subscribe-dropdown__list-item-link\"\n\t\t\t\t\t\t\t\t\t\ttarget=\"_blank\"\n\t\t\t\t\t\t\t\t\t\trel=\"noopener noreferrer nofollow noindex\"\n\t\t\t\t\t\t\t\t\t>\n\t\t\t\t\t\t\t\t\t\tOutlook Live\t\t\t\t\t\t\t\t\t<\/a>\n\t\t\t\t\t\t\t\t<\/li>\n\t\t\t\t\t\t\t\t\t\t\t\t\t<\/ul>\n\t\t\t\t\t<\/div>\n\t\t\t\t<\/div>\n\t\t\t<\/div>\n\t\t<\/div>\n\t<\/div>\n\n","protected":false},"excerpt":{"rendered":"<p>Bretonni\u00e8res, \u00e9glise romane, moulin traditionnel, village de serfs du Prieur\u00e9 de Romainm\u00f4tier, visite. L\u2019\u00e9glise de Bretonni\u00e8res, romane du XIe s. et gothique par ses transformations et l\u2019un des premiers \u00e9difices religieux construits en pierre&#46;&#46;&#46;<\/p>\n","protected":false},"author":191,"featured_media":7194,"comment_status":"open","ping_status":"closed","template":"","meta":{"sfsi_plus_gutenberg_text_before_share":"","sfsi_plus_gutenberg_show_text_before_share":"","sfsi_plus_gutenberg_icon_type":"","sfsi_plus_gutenberg_icon_alignemt":"","sfsi_plus_gutenburg_max_per_row":"","_EventAllDay":false,"_EventTimezone":"Europe\/Zurich","_EventStartDate":"2025-10-01 17:35:00","_EventEndDate":"2025-10-01 19:50:00","_EventStartDateUTC":"2025-10-01 15:35:00","_EventEndDateUTC":"2025-10-01 17:50:00","_EventShowMap":false,"_EventShowMapLink":false,"_EventURL":"","_EventCost":"35","_EventCostDescription":"","_EventCurrencySymbol":"$","_EventCurrencyCode":"USD","_EventCurrencyPosition":"prefix","_EventDateTimeSeparator":" @ ","_EventTimeRangeSeparator":" - ","_EventOrganizerID":[],"_EventVenueID":[],"_OrganizerEmail":"","_OrganizerPhone":"","_OrganizerWebsite":"","_VenueAddress":"","_VenueCity":"","_VenueCountry":"","_VenueProvince":"","_VenueState":"","_VenueZip":"","_VenuePhone":"","_VenueURL":"","_VenueStateProvince":"","_VenueLat":"","_VenueLng":"","_VenueShowMap":false,"_VenueShowMapLink":false,"_tribe_events_status":"","_tribe_events_status_reason":"","footnotes":""},"tags":[586,533,585],"tribe_events_cat":[695],"class_list":["post-7193","tribe_events","type-tribe_events","status-publish","has-post-thumbnail","hentry","tag-eglise","tag-orgue","tag-visite-guidee","tribe_events_cat-visites-guidees","cat_visites-guidees"],"_links":{"self":[{"href":"https:\/\/www.irreel.ch\/blog\/wp-json\/wp\/v2\/tribe_events\/7193","targetHints":{"allow":["GET"]}}],"collection":[{"href":"https:\/\/www.irreel.ch\/blog\/wp-json\/wp\/v2\/tribe_events"}],"about":[{"href":"https:\/\/www.irreel.ch\/blog\/wp-json\/wp\/v2\/types\/tribe_events"}],"author":[{"embeddable":true,"href":"https:\/\/www.irreel.ch\/blog\/wp-json\/wp\/v2\/users\/191"}],"replies":[{"embeddable":true,"href":"https:\/\/www.irreel.ch\/blog\/wp-json\/wp\/v2\/comments?post=7193"}],"version-history":[{"count":3,"href":"https:\/\/www.irreel.ch\/blog\/wp-json\/wp\/v2\/tribe_events\/7193\/revisions"}],"predecessor-version":[{"id":7206,"href":"https:\/\/www.irreel.ch\/blog\/wp-json\/wp\/v2\/tribe_events\/7193\/revisions\/7206"}],"wp:featuredmedia":[{"embeddable":true,"href":"https:\/\/www.irreel.ch\/blog\/wp-json\/wp\/v2\/media\/7194"}],"wp:attachment":[{"href":"https:\/\/www.irreel.ch\/blog\/wp-json\/wp\/v2\/media?parent=7193"}],"wp:term":[{"taxonomy":"post_tag","embeddable":true,"href":"https:\/\/www.irreel.ch\/blog\/wp-json\/wp\/v2\/tags?post=7193"},{"taxonomy":"tribe_events_cat","embeddable":true,"href":"https:\/\/www.irreel.ch\/blog\/wp-json\/wp\/v2\/tribe_events_cat?post=7193"}],"curies":[{"name":"wp","href":"https:\/\/api.w.org\/{rel}","templated":true}]}}