{"id":1433,"date":"2010-12-19T09:19:10","date_gmt":"2010-12-19T07:19:10","guid":{"rendered":"http:\/\/www.irreel.org\/blog\/"},"modified":"2020-03-20T13:42:26","modified_gmt":"2020-03-20T11:42:26","slug":"expositions","status":"publish","type":"page","link":"https:\/\/www.irreel.ch\/blog\/peinture\/expositions\/","title":{"rendered":"Expositions"},"content":{"rendered":"\n<p>lieu d&rsquo;ouverture espace miroir<br>porte sur l&rsquo;au-dela passages ail\u00e9s des regards<br>lieu ouvert entre les perceptions ext\u00e9rieures et les images int\u00e9rieures<\/p>\n\n\n\n<p>Daniel Thomas<br>Principales expositions: voir la cat\u00e9gorie \u00ab\u00a0<a href=\"http:\/\/www.irreel.ch\/blog\/sujet\/style\/exposition\/\">exposition<\/a>\u00ab\u00a0.<\/p>\n\n\n<div id=\"pl-gb1433-69f268e16e153\"  class=\"panel-layout\" ><div id=\"pg-gb1433-69f268e16e153-0\"  class=\"panel-grid panel-no-style\" ><div id=\"pgc-gb1433-69f268e16e153-0-0\"  class=\"panel-grid-cell\" ><div id=\"panel-gb1433-69f268e16e153-0-0-0\" class=\"so-panel widget widget_nav_menu panel-first-child panel-last-child\" data-index=\"0\" ><h3 class=\"widget-title\">Index des expositions picturales de Daniel D. R. Thomas<\/h3><div class=\"menu-expositions-picturales-daniel-thomas-container\"><ul id=\"menu-expositions-picturales-daniel-thomas\" class=\"menu\"><li id=\"menu-item-6151\" class=\"menu-item menu-item-type-post_type menu-item-object-post menu-item-6151\"><a href=\"https:\/\/www.irreel.ch\/blog\/1983-exposition-dorigny-la-sylphide\/\">1983 Exposition \/ Dorigny, la Sylphide<\/a><\/li>\n<li id=\"menu-item-6152\" class=\"menu-item menu-item-type-post_type menu-item-object-post menu-item-6152\"><a href=\"https:\/\/www.irreel.ch\/blog\/1984-exposition-dessins-et-collages\/\">1984 Exposition \/ Mex \/ Dessins et collages<\/a><\/li>\n<li id=\"menu-item-6156\" class=\"menu-item menu-item-type-post_type menu-item-object-post menu-item-6156\"><a href=\"https:\/\/www.irreel.ch\/blog\/1985-basta-paysage-vegetal\/\">1985 Basta \/ Lausanne \/ Paysage v\u00e9g\u00e9tal<\/a><\/li>\n<li id=\"menu-item-6153\" class=\"menu-item menu-item-type-post_type menu-item-object-post menu-item-6153\"><a href=\"https:\/\/www.irreel.ch\/blog\/1986-exposition-a-lausanne\/\">1986 Exposition \/ Lausanne \/Jeux d&rsquo;eau, Terre et ciel<\/a><\/li>\n<li id=\"menu-item-6157\" class=\"menu-item menu-item-type-post_type menu-item-object-post menu-item-6157\"><a href=\"https:\/\/www.irreel.ch\/blog\/1986-galerie-unip-compositions-forestieres\/\">1986 Galerie Unip \/ Lausanne \/ Compositions foresti\u00e8res<\/a><\/li>\n<li id=\"menu-item-6162\" class=\"menu-item menu-item-type-post_type menu-item-object-post menu-item-6162\"><a href=\"https:\/\/www.irreel.ch\/blog\/1987-exposition-au-chateau-de-morrens\/\" title=\"1987 Ch\u00e2teau de Morrens \/ Paysages (huiles, dessins \u00e0 la plume, crayons, collages, impressions)\">1987 Exposition au ch\u00e2teau de Morrens \/ Paysages<\/a><\/li>\n<li id=\"menu-item-6163\" class=\"menu-item menu-item-type-post_type menu-item-object-post menu-item-6163\"><a href=\"https:\/\/www.irreel.ch\/blog\/1987-exposition-melodies-passageres\/\" title=\"1987 galerie Henry Meyer Lausanne \/ M\u00e9lodies passag\u00e8res (Huiles, d\u00e9coupages, collages, paysages imaginaires)\">1987 Exposition \/ Lausanne \/ M\u00e9lodies passag\u00e8res<\/a><\/li>\n<li id=\"menu-item-6160\" class=\"menu-item menu-item-type-post_type menu-item-object-post menu-item-6160\"><a href=\"https:\/\/www.irreel.ch\/blog\/1988-exposition-a-denges\/\" title=\"1988 galerie d\u2019Arfi Denges pr\u00e8s Lausanne Salon des jeunes artistes peintres\">1988 Exposition \u00e0 Denges, salon<\/a><\/li>\n<li id=\"menu-item-6161\" class=\"menu-item menu-item-type-post_type menu-item-object-post menu-item-6161\"><a href=\"https:\/\/www.irreel.ch\/blog\/1993-lausanne-peinture-et-musique\/\" title=\"1993 Hug Musique, salle des pianos, Lausanne \/ Peintures inspir\u00e9es par la musique et par la danse\">1993 Lausanne \/ Peinture et musique<\/a><\/li>\n<li id=\"menu-item-6158\" class=\"menu-item menu-item-type-post_type menu-item-object-post menu-item-6158\"><a href=\"https:\/\/www.irreel.ch\/blog\/1996-exposition-instants-de-regard\/\" title=\"1996 Galerie l\u2019Atelier, Le Mont-sur-Lausanne \/ Instants de regard\">1996 Exposition \/ LeMont \/ instants de regard<\/a><\/li>\n<li id=\"menu-item-6159\" class=\"menu-item menu-item-type-post_type menu-item-object-post menu-item-6159\"><a href=\"https:\/\/www.irreel.ch\/blog\/1996-galerie-club-migros-variations-sur-les-etres-lete\/\" title=\"1996 galerie-club Migros, Lausanne \/ Variations sur les \u00eatres : l\u2019\u00e9t\u00e9 (huiles et acryliques)\">1996 Galerie-Club Migros \/ Variations sur les \u00eatres: l&rsquo;\u00e9t\u00e9<\/a><\/li>\n<li id=\"menu-item-6164\" class=\"menu-item menu-item-type-post_type menu-item-object-post menu-item-6164\"><a href=\"https:\/\/www.irreel.ch\/blog\/1997-galerie-image-in-bosquets-et-collines\/\" title=\"1997 Galerie Image-In Ch\u00e2tel-St-Denis \/ Bosquets et collines\">1997 Galerie Image-In \/ Ch\u00e2tel-St-Denis \/ Bosquets et collines<\/a><\/li>\n<li id=\"menu-item-6165\" class=\"menu-item menu-item-type-post_type menu-item-object-post menu-item-6165\"><a href=\"https:\/\/www.irreel.ch\/blog\/1998-musee-de-lestampe-de-toluca-agua-aire-flores\/\" title=\"1998 Museo de la Estampa del Estado de M\u00e9xico Toluca Mexique \/ Agua, aire, flores, \u2026 paso de los seres en el viento (eau, air, fleurs, \u2026 passage des \u00eatres dans le vent)\">1998 Mus\u00e9e de l&rsquo;Estampe de Toluca \/ Agua, aire, flores<\/a><\/li>\n<li id=\"menu-item-6166\" class=\"menu-item menu-item-type-post_type menu-item-object-post menu-item-6166\"><a href=\"https:\/\/www.irreel.ch\/blog\/1998-tlaxcala-mexique-mas-alla-de-las-voces\/\" title=\"1998 Instituto Tlaxcalteca de Cultura, Tlaxcala, Mexique \/ M\u00e1s all\u00e1 de las voces, la presencia de las cosas (au-del\u00e0 des mots, la pr\u00e9sence des choses)\">1998 Tlaxcala Mexique \/ M\u00e1s All\u00e1 de las Voces<\/a><\/li>\n<li id=\"menu-item-6170\" class=\"menu-item menu-item-type-post_type menu-item-object-post menu-item-6170\"><a href=\"https:\/\/www.irreel.ch\/blog\/2002-renard-bleu-regards-en-soi\/\" title=\"2002 Atelier du Renard Bleu, Cugy pr\u00e8s Lausanne \/ Regards en dehors, regards en soi : l\u2019\u00e9t\u00e9 (pastel, aquarelle et acrylic sur papier et sur coton brut)\">2002 Renard Bleu \/ Cugy \/ regards en soi<\/a><\/li>\n<li id=\"menu-item-6171\" class=\"menu-item menu-item-type-post_type menu-item-object-post menu-item-6171\"><a href=\"https:\/\/www.irreel.ch\/blog\/2003-renard-bleu-esquisses-animalieres\/\" title=\"2003 Atelier du Renard Bleu, Cugy pr\u00e8s Lausanne \/ Esquisses animali\u00e8res et jeux de mouvements (pastel, aquarelle et acrylic sur papier et sur coton brut)\">2003 Renard Bleu \/ Cugy \/ Esquisses animali\u00e8res<\/a><\/li>\n<li id=\"menu-item-6176\" class=\"menu-item menu-item-type-post_type menu-item-object-post menu-item-6176\"><a href=\"https:\/\/www.irreel.ch\/blog\/2004-decoration-a-lausanne\/\" title=\"2004 D\u00e9coration d\u2019une salle de la BDO \u00e0 Lausanne: 6 tableaux: le sens, chiffres, mots.\">2004 D\u00e9coration \u00e0 Lausanne \/ Le sens, mots<\/a><\/li>\n<li id=\"menu-item-6172\" class=\"menu-item menu-item-type-post_type menu-item-object-post menu-item-6172\"><a href=\"https:\/\/www.irreel.ch\/blog\/2007-salle-abbaye-de-montheron-fugues-et-envols\/\" title=\"2007 Abbaye de Montheron salle d\u2019exposition \/ Fugues et envols\">2007 Exposition \/ Lausanne \/ Fugues et envols<\/a><\/li>\n<li id=\"menu-item-6173\" class=\"menu-item menu-item-type-post_type menu-item-object-post menu-item-6173\"><a href=\"https:\/\/www.irreel.ch\/blog\/2009-sale-abbaye-de-montheron-danse-et-jeux-de-lumieres\/\" title=\"2009 Abbaye de Montheron salle d\u2019exposition \/ Danse et jeux de lumi\u00e8res (aquarelles et monotypes)\">2009 Exposition \/ Lausanne \/ Danse et jeux de lumi\u00e8res<\/a><\/li>\n<li id=\"menu-item-6174\" class=\"menu-item menu-item-type-post_type menu-item-object-post menu-item-6174\"><a href=\"https:\/\/www.irreel.ch\/blog\/exposition-transparences-musicales-et-colorees\/\" title=\"2017 Abbaye de Montheron salle d\u2019exposition \/ Transparences musicales et color\u00e9es (peintures sur verre)\">2017 Exposition \/ Lausanne \/ Transparences musicales et color\u00e9es<\/a><\/li>\n<\/ul><\/div><\/div><\/div><\/div><\/div>\n\n\n<p>et 1999 Exposition sur le th\u00e8me des<strong> vitraux<\/strong> dans la salle capitulaire de l\u2019Abbaye de Montheron<\/p>\n\n\n\n<p>et de nombreuses manifestations group\u00e9es : expositions et concerts<\/p>\n","protected":false},"excerpt":{"rendered":"<p>lieu d&rsquo;ouverture espace miroirporte sur l&rsquo;au-dela passages ail\u00e9s des regardslieu ouvert entre les perceptions ext\u00e9rieures et les images int\u00e9rieures Daniel ThomasPrincipales expositions: voir la cat\u00e9gorie \u00ab\u00a0exposition\u00ab\u00a0. et 1999 Exposition sur le th\u00e8me des vitraux&#46;&#46;&#46;<\/p>\n","protected":false},"author":191,"featured_media":5661,"parent":2,"menu_order":1264,"comment_status":"open","ping_status":"closed","template":"","meta":{"sfsi_plus_gutenberg_text_before_share":"","sfsi_plus_gutenberg_show_text_before_share":"","sfsi_plus_gutenberg_icon_type":"","sfsi_plus_gutenberg_icon_alignemt":"","sfsi_plus_gutenburg_max_per_row":"","_EventAllDay":false,"_EventTimezone":"","_EventStartDate":"","_EventEndDate":"","_EventStartDateUTC":"","_EventEndDateUTC":"","_EventShowMap":false,"_EventShowMapLink":false,"_EventURL":"","_EventCost":"","_EventCostDescription":"","_EventCurrencySymbol":"","_EventCurrencyCode":"","_EventCurrencyPosition":"","_EventDateTimeSeparator":"","_EventTimeRangeSeparator":"","_EventOrganizerID":[],"_EventVenueID":[],"_OrganizerEmail":"","_OrganizerPhone":"","_OrganizerWebsite":"","_VenueAddress":"","_VenueCity":"","_VenueCountry":"","_VenueProvince":"","_VenueState":"","_VenueZip":"","_VenuePhone":"","_VenueURL":"","_VenueStateProvince":"","_VenueLat":"","_VenueLng":"","_VenueShowMap":false,"_VenueShowMapLink":false,"footnotes":""},"class_list":["post-1433","page","type-page","status-publish","has-post-thumbnail","hentry"],"_links":{"self":[{"href":"https:\/\/www.irreel.ch\/blog\/wp-json\/wp\/v2\/pages\/1433","targetHints":{"allow":["GET"]}}],"collection":[{"href":"https:\/\/www.irreel.ch\/blog\/wp-json\/wp\/v2\/pages"}],"about":[{"href":"https:\/\/www.irreel.ch\/blog\/wp-json\/wp\/v2\/types\/page"}],"author":[{"embeddable":true,"href":"https:\/\/www.irreel.ch\/blog\/wp-json\/wp\/v2\/users\/191"}],"replies":[{"embeddable":true,"href":"https:\/\/www.irreel.ch\/blog\/wp-json\/wp\/v2\/comments?post=1433"}],"version-history":[{"count":23,"href":"https:\/\/www.irreel.ch\/blog\/wp-json\/wp\/v2\/pages\/1433\/revisions"}],"predecessor-version":[{"id":6175,"href":"https:\/\/www.irreel.ch\/blog\/wp-json\/wp\/v2\/pages\/1433\/revisions\/6175"}],"up":[{"embeddable":true,"href":"https:\/\/www.irreel.ch\/blog\/wp-json\/wp\/v2\/pages\/2"}],"wp:featuredmedia":[{"embeddable":true,"href":"https:\/\/www.irreel.ch\/blog\/wp-json\/wp\/v2\/media\/5661"}],"wp:attachment":[{"href":"https:\/\/www.irreel.ch\/blog\/wp-json\/wp\/v2\/media?parent=1433"}],"curies":[{"name":"wp","href":"https:\/\/api.w.org\/{rel}","templated":true}]}}